{"id":44,"date":"2022-10-21T15:24:29","date_gmt":"2022-10-21T13:24:29","guid":{"rendered":"http:\/\/localhost:8888\/tangorra-wp\/?page_id=44"},"modified":"2023-06-07T16:35:58","modified_gmt":"2023-06-07T14:35:58","slug":"lehrtaetigkeit","status":"publish","type":"page","link":"https:\/\/tangorra.de\/en\/vita\/lehrtaetigkeit\/","title":{"rendered":"Lehrt\u00e4tigkeit"},"content":{"rendered":"<figure class=\"wp-block-table\"><table><tbody><tr><td>2008\u20132009<\/td><td>Kunstakademie Brera, Mailand, K\u00fcnstlerische Mitarbeiterin Prof. Gian Carlo Venuto<\/td><\/tr><tr><td>seit 2008<\/td><td>freie Dozentin in der Erwachsenenbildung, VHS Freiburg<\/td><\/tr><tr><td>seit 2009<\/td><td>Vortragst\u00e4tigkeit in Freiburg f\u00fcr das Italienische Konsulat, Augustiner Museum, Centro Culturale Italiano, Dante Alighieri Gesellschaft, und f\u00fcr den Lions Club Waldkirch<\/td><\/tr><tr><td>2010<\/td><td>freie Dozentin in der Erwachsenenbildung an der Freien Kunstakademie \u00dcberlingen<\/td><\/tr><tr><td>2011<\/td><td>Seminar Referentin, Romanisches Institut Albert Ludwigs-Universit\u00e4t Freiburg<\/td><\/tr><tr><td>2012<\/td><td>Referentin <em>Ortogiardino,<\/em> Pordenone IT<\/td><\/tr><tr><td>2013<\/td><td>Referentin <em>Ottavario di Santa Caterina<\/em>, Corpus Domini Bologna IT<\/td><\/tr><tr><td>seit 2020<\/td><td>Dozentin f\u00fcr Malerei an der Kunstschule Offenburg<\/td><\/tr><tr><td><\/td><td>Freie Dozentin in der Erwachsenenbildung VHS Ortenau und N\u00f6rdlicher Breisgau<\/td><\/tr><tr><td>ab 2023<\/td><td>Museumsp\u00e4dagogik f\u00fcr das Hanauer Museum der Stadt Kehl<\/td><\/tr><\/tbody><\/table><\/figure>\n\n\n\n<p><\/p>","protected":false},"excerpt":{"rendered":"<p>2008\u20132009 Kunstakademie Brera, Mailand, K\u00fcnstlerische Mitarbeiterin Prof. Gian Carlo Venuto seit 2008 freie Dozentin in der Erwachsenenbildung, VHS Freiburg seit 2009 Vortragst\u00e4tigkeit in Freiburg f\u00fcr das Italienische Konsulat, Augustiner Museum, Centro Culturale Italiano, Dante Alighieri Gesellschaft, und f\u00fcr den Lions Club Waldkirch 2010 freie Dozentin in der Erwachsenenbildung an der Freien Kunstakademie \u00dcberlingen 2011 Seminar [&hellip;]<\/p>","protected":false},"author":1,"featured_media":0,"parent":12,"menu_order":6,"comment_status":"closed","ping_status":"closed","template":"","meta":{"footnotes":""},"class_list":["post-44","page","type-page","status-publish","hentry"],"_links":{"self":[{"href":"https:\/\/tangorra.de\/en\/wp-json\/wp\/v2\/pages\/44","targetHints":{"allow":["GET"]}}],"collection":[{"href":"https:\/\/tangorra.de\/en\/wp-json\/wp\/v2\/pages"}],"about":[{"href":"https:\/\/tangorra.de\/en\/wp-json\/wp\/v2\/types\/page"}],"author":[{"embeddable":true,"href":"https:\/\/tangorra.de\/en\/wp-json\/wp\/v2\/users\/1"}],"replies":[{"embeddable":true,"href":"https:\/\/tangorra.de\/en\/wp-json\/wp\/v2\/comments?post=44"}],"version-history":[{"count":5,"href":"https:\/\/tangorra.de\/en\/wp-json\/wp\/v2\/pages\/44\/revisions"}],"predecessor-version":[{"id":707,"href":"https:\/\/tangorra.de\/en\/wp-json\/wp\/v2\/pages\/44\/revisions\/707"}],"up":[{"embeddable":true,"href":"https:\/\/tangorra.de\/en\/wp-json\/wp\/v2\/pages\/12"}],"wp:attachment":[{"href":"https:\/\/tangorra.de\/en\/wp-json\/wp\/v2\/media?parent=44"}],"curies":[{"name":"wp","href":"https:\/\/api.w.org\/{rel}","templated":true}]}}