{"id":88,"date":"2022-10-26T12:47:09","date_gmt":"2022-10-26T10:47:09","guid":{"rendered":"http:\/\/localhost:8888\/tangorra-wp\/?page_id=88"},"modified":"2024-10-24T14:34:12","modified_gmt":"2024-10-24T12:34:12","slug":"workshops","status":"publish","type":"page","link":"https:\/\/tangorra.de\/en\/kunstvermittlung\/workshops\/","title":{"rendered":"Workshops"},"content":{"rendered":"<p><\/p>\n\n\n\n<h2 class=\"wp-block-heading\"><strong>26. Oktober 2024, 12:00\u201317:00 Uhr <\/strong><br>Bau-Kunst: Fachwerk, Freude und Fantasie<\/h2>\n\n\n\n<p>Im Rahmen des Jahrmarkts von Kehl-Kork.<br>Kleine und gro\u00dfe Kinder sind eingeladen, die Fachwerkh\u00e4user von Kork zu erkennen, zeichnen, malen, basteln\u2026 Vorlagen, Bilder, Farben, Kartons und alles, was man braucht, warten auf viele H\u00e4nde, Freude und Fantasie! Gebastelt wird am Zelt vor dem Museum und im Atelier der kleinen Museumsakademie. Wer m\u00f6chte, ist herzlich eingeladen, die realisierten Arbeiten bis zu dem Ende des Jahrmarkts auszustellen!<br><br>Handwerksmuseum Kork, Oberdorfstr.8 &#8211; 77694 Kehl Kork <a href=\"https:\/\/www.handwerksmuseum-kehl-kork.de\/\" data-type=\"link\" data-id=\"https:\/\/www.handwerksmuseum-kehl-kork.de\/\">https:\/\/www.handwerksmuseum-kehl-kork.de\/<\/a><br>Eine Initiative der Good Company of Arts <a href=\"https:\/\/www.thegoodcompany.de\/\" data-type=\"link\" data-id=\"https:\/\/www.thegoodcompany.de\/\">https:\/\/www.thegoodcompany.de\/<\/a><\/p>\n\n\n\n<p>Im Rahmen des Jahrmarkts von Kehl-Kork.<br>Kleine und gro\u00dfe Kinder sind eingeladen, die Fachwerkh\u00e4user von Kork zu erkennen, zeichnen, malen, basteln\u2026 Vorlagen, Bilder, Farben, Kartons und alles, was man braucht, warten auf viele H\u00e4nde, Freude und Fantasie! Gebastelt wird am Zelt vor dem Museum und im Atelier der kleinen Museumsakademie. Wer m\u00f6chte, ist herzlich eingeladen, die realisierten Arbeiten bis zu dem Ende des Jahrmarkts auszustellen!<br>Inhalte<\/p>\n\n\n\n<p><\/p>\n\n\n\n<p><\/p>\n\n\n\n<p><\/p>\n\n\n\n<h2 class=\"wp-block-heading\"><strong>ab Oktober 2024, fortlaufend. <\/strong><br>Kunstkolleg <strong>ab 16 Jahre. <\/strong><\/h2>\n\n\n\n<p id=\"isPasted\">Mit dem \u201eKunstkolleg\u201c werden Sie die Techniken und die Theorie der klassischen bildenden Kunst erlernen. Der Einstieg in den fortlaufenden Kurs ist jederzeit m\u00f6glich. <br>Anf\u00e4nger wie Fortgeschrittene bekommen die M\u00f6glichkeit zur Erweiterung und Vertiefung ihrer F\u00e4higkeiten. <br>Der Unterricht behinaltet sowohl gemeinsame Lehrinhalte als auch die individuelle Betreuung f\u00fcr eigene Projekte. <\/p>\n\n\n\n<p><strong>Mappenberatung:<\/strong> Der Kurs dient auch zur Vorbereitung und Erstellung von Arbeitsmappen, die Studenten f\u00fcr die Aufnahmepr\u00fcfung an Kunstakademien und Hochschulen f\u00fcr gestalterische Berufe ben\u00f6tigen. <\/p>\n\n\n\n<p>Der Kurs erstreckt sich \u00fcber ein Schuljahr und wird in kleinen Gruppen durchgef\u00fchrt.<br><a href=\"https:\/\/www.thegoodcompany.de\/jahreskurse#ed-403482481\" data-type=\"link\" data-id=\"https:\/\/www.thegoodcompany.de\/jahreskurse#ed-403482481\">https:\/\/www.thegoodcompany.de\/jahreskurse#ed-403482481<\/a><br><br>Unterrichtsort: Handwerksmuseum Kork, Oberdorfstr.8 &#8211; 77694 Kehl Kork <br>Eine Initiative der Good Company of Arts <a href=\"https:\/\/www.thegoodcompany.de\/\" data-type=\"link\" data-id=\"https:\/\/www.thegoodcompany.de\/\">https:\/\/www.thegoodcompany.de\/<\/a><\/p>\n\n\n\n<p><br><\/p>\n\n\n\n<h2 class=\"wp-block-heading\">8. Juli 2023,  10:00\u201314:00 Uhr <br><strong>Aktmalerei &#8211; Fig\u00fcrliches Zeichnen<\/strong><\/h2>\n\n\n\n<p>Der menschliche K\u00f6rper ist ein unersch\u00f6pfliches Motiv unserer malerischen Erkundung der Welt. Dabei sollten die Pers\u00f6nlichkeit und die Anmut eines Menschen wiedererkennbar sein. In diesem Kurs lernen wir unsere Sicht zu sch\u00e4rfen und unsere Hand sicher zu f\u00fchren, f\u00fcr unsere ganz pers\u00f6nliche Interpretation der menschlichen Figur.<br><\/p>\n\n\n\n<p>Malschule Kunterbunt, Max-Planck-Str. 4, 77933 Lahr. <a rel=\"noreferrer noopener\" href=\"https:\/\/www.malschulekunterbunt.de\/workshops-and-events\" data-type=\"URL\" data-id=\"https:\/\/www.malschulekunterbunt.de\/workshops-and-events\" target=\"_blank\">www.malschulekunterbunt.de<\/a><\/p>\n\n\n\n<div style=\"height:20px\" aria-hidden=\"true\" class=\"wp-block-spacer\"><\/div>\n\n\n\n<h2 class=\"wp-block-heading\">22. Juli 2023, 10:00\u201313:45 oder 14:00\u201318:00Uhr<br><strong>M<strong>ein Rhein \/ mon Rhein \u00e0 moi<\/strong><\/strong><\/h2>\n\n\n\n<p>Familienf\u00fchrung mit Workshop ab 7\/8 bis 99 Jahre.<br>Im Rahmen der Sonderausstellung \u201e\u00dcberg\u00e4nge. Der Rhein, die Br\u00fccken, die Menschen\u201c des Hanauer Museums der Stadt Kehl. Zeichen und Malkurs f\u00fcr kleine und gro\u00dfe Kunstinteressierte, f\u00fcr Familien geeignet, mit dem <em>Atelier Mobile <\/em>der Kunstschule Offenburg. Besuch der Ausstellung und anschlie\u00dfend Workshop in der Museumsp\u00e4dagogik und im Museums Innenhof.<br><\/p>\n\n\n\n<p>Es wird Deutsch , Franz\u00f6sisch und Englisch gesprochen.<br>Anmeldung \/ inscription: Hanauermuseum 07851 88-2650 <a href=\"mailto:hanauer-museum@stadt-kehl.de\" data-type=\"mailto\" data-id=\"mailto:hanauer-museum@stadt-kehl.de\">hanauer-museum@stadt-kehl.de<\/a><\/p>\n\n\n\n<div style=\"height:20px\" aria-hidden=\"true\" class=\"wp-block-spacer\"><\/div>\n\n\n\n<h2 class=\"wp-block-heading\">Ferienkurse<\/h2>\n\n\n\n<h2 class=\"wp-block-heading\">29. Juli 2023, 10:00\u201314:00 Uhr<br><strong><strong>Die Kunst der Linie<\/strong><\/strong><\/h2>\n\n\n\n<p>Keine Angst vor der Linie! Jeder kann zeichnen und die eigene Inspiration f\u00fcr eindrucksvolle Skizzen entdecken. Wir lassen uns in diesem Kurs von der Natur und von Meisterzeichner der Kunst inspirieren, aber mit freien und neuen Gestaltungs-Methoden. Dabei experimentieren Sie alle technischen Tricks und \u00dcbungen, die zu einer lockeren und sicheren Hand f\u00fchren.<br><\/p>\n\n\n\n<p>Malschule Kunterbunt, Max-Planck-Str. 4, 77933 Lahr. <a href=\"https:\/\/www.malschulekunterbunt.de\/workshops-and-events\">www.<\/a><a rel=\"noreferrer noopener\" href=\"https:\/\/www.malschulekunterbunt.de\/workshops-and-events\" target=\"_blank\">malschulekunterbunt<\/a><a href=\"https:\/\/www.malschulekunterbunt.de\/workshops-and-events\">.de<\/a><\/p>\n\n\n\n<div style=\"height:20px\" aria-hidden=\"true\" class=\"wp-block-spacer\"><\/div>\n\n\n\n<h2 class=\"wp-block-heading\">31. Juli\u201304. August 2023, 14:00\u201317:00 Uhr<br><strong>M<strong>al und Zeichenwoche<\/strong><\/strong><br><\/h2>\n\n\n\n<p>Diese kompakte Mal- und Zeichenwoche bietet Kindern ein intensives Lernfeld im Grafischen wie im Malerischen . Hier machst du Bekanntschaft mit Techniken, lernst Tricks, um deine Ideen in lebendige Bilder zu verwandeln.<br><\/p>\n\n\n\n<p>KUNSTSCHULE Offenburg Weingartenstra\u00dfe 34b, 77654 Offenburg. <a rel=\"noreferrer noopener\" href=\"https:\/\/www.kunstschule-offenburg.de\" target=\"_blank\">www.kunstschule-offenburg.de<\/a><\/p>\n\n\n\n<div style=\"height:20px\" aria-hidden=\"true\" class=\"wp-block-spacer\"><\/div>\n\n\n\n<h2 class=\"wp-block-heading\">31. Juli\u201304. August 2023,  17:30\u201320:30 Uhr<br><strong>Basic Malen<\/strong><\/h2>\n\n\n\n<p>Der Basis-Kurs erm\u00f6glicht den Einstieg in die Grundlagen der Zeichnung und der Malerei. Klassische Themen wie Gegenstand, Kopf, Figur und Raumdarstellung werden in verschiedenen Herangehensweisen vorgestellt und in unterschiedlichen Techniken ausgef\u00fchrt. Du lernst den Umgang mit Stiften, Kreiden, Kohle und Acryl-, Tempera- und Aquarelltechnik kennen.<br><\/p>\n\n\n\n<p>KUNSTSCHULE Offenburg Weingartenstra\u00dfe 34b, 77654 Offenburg. <a rel=\"noreferrer noopener\" href=\"https:\/\/www.kunstschule-offenburg.de\" target=\"_blank\">www.kunstschule-offenburg.de<\/a><\/p>\n\n\n\n<div style=\"height:20px\" aria-hidden=\"true\" class=\"wp-block-spacer\"><\/div>\n\n\n\n<h2 class=\"wp-block-heading\">07.\u201310. August 2023, 14:00\u201317:00 Uhr<br><strong><strong>Atelierzeit: malen, zeichnen, modellieren<\/strong><\/strong><\/h2>\n\n\n\n<p>Zeit zum Malen, Zeit zum Zeichnen, oder Zeit eine Skulptur zu machen. F\u00fcr vier Tage kannst du ein Atelier nutzen, auf Materialien zur\u00fcckgreifen und mit einer K\u00fcnstlerin an deiner Seite deine Ideen verfolgen. Gro\u00dfformatige Bilder entstehen, Drucke, dreidimensionale Objekte und Zeichnungen.<br><\/p>\n\n\n\n<p>KUNSTSCHULE Offenburg Weingartenstra\u00dfe 34b, 77654 Offenburg. <a rel=\"noreferrer noopener\" href=\"https:\/\/www.kunstschule-offenburg.de\" target=\"_blank\">www.kunstschule-offenburg.de<\/a><\/p>\n\n\n\n<div style=\"height:20px\" aria-hidden=\"true\" class=\"wp-block-spacer\"><\/div>\n\n\n\n<h2 class=\"wp-block-heading\">14.\u201317. August 2023, 10:00\u201313:00 Uhr<br><strong><strong>On the road &#8211; unterwegs mit Stift und Kamera<\/strong><\/strong><\/h2>\n\n\n\n<p>Drau\u00dfen sein, Motive suchen, Einen Blick werfen in Caf\u00e9s, Hinterh\u00f6fe, verborgene Orte &#8211; mit dem Stift, mit der Kamera. In diesem Kurs widmen wir uns jeden Tag einem anderen Schwerpunkt. Wir skizzieren, wir malen, wir fotografieren die Dinge, die uns begegnen: Menschen, Natur, Architektur, Licht und Schatten. Wir arbeiten im \u00f6ffentlichen Raum und bei schlechtem wetter im Atelier.<br><\/p>\n\n\n\n<p>KUNSTSCHULE Offenburg Weingartenstra\u00dfe 34b, 77654 Offenburg. <a rel=\"noreferrer noopener\" href=\"https:\/\/www.kunstschule-offenburg.de\" target=\"_blank\">www.kunstschule-offenburg.de<\/a><\/p>\n\n\n\n<div style=\"height:20px\" aria-hidden=\"true\" class=\"wp-block-spacer\"><\/div>\n\n\n\n<h2 class=\"wp-block-heading\">14.\u201318. August 2023, 14:00\u201317:00 Uhr<br><strong><strong>Tiere gemalt, gezeichnet, modelliert<\/strong><\/strong><\/h2>\n\n\n\n<p>Wie zeichne ich Tiere? Wie male ich sie? Welche wollte ich schon immer gerne mal modellieren? Jeden Tag steigen wir mit einer neuen Technik ein. Mal geht es um die Bewegung, mal nur um den Gesichtsausdruck oder um Details, wie Ohren, Augen, Fell. Diese Intensivwoche widmet sich ausschlie\u00dflich der Tierwelt und ist f\u00fcr Anf\u00e4nger*innen und f\u00fcr Fortgeschrittene geeignet.<br><\/p>\n\n\n\n<p>KUNSTSCHULE Offenburg Weingartenstra\u00dfe 34b, 77654 Offenburg. <a rel=\"noreferrer noopener\" href=\"https:\/\/www.kunstschule-offenburg.de\" target=\"_blank\">www.kunstschule-offenburg.de<\/a><\/p>\n\n\n\n<div style=\"height:20px\" aria-hidden=\"true\" class=\"wp-block-spacer\"><\/div>\n\n\n\n<h2 class=\"wp-block-heading\">28. August\u201301. September 2023, 10:00\u201314:00 Uhr<br><strong><strong>Sommerakademie-Bel \u00c9tage &#8211; Malerische Experimente in \u00d6l und Tempera<\/strong><\/strong><\/h2>\n\n\n\n<p>Farbpigmente, \u00d6le und Harze: es duftet nach Mal-Atelier! Die Ingredienzen vermischen sich zu lebendigen Texturen, mal leuchtend hervorspingend, mal tiefgr\u00fcndig zur\u00fcckhaltend. Die von eigener Hand gemachten Farben erhalten einen eigenen K\u00f6rper, entfalten ihr eigenes Wesen. Der Vorgang des Herstellens ist f\u00fcr sich genommen schon ein Erlebnis. Die anschlie\u00dfende Malerei widmet sich dem menschlichen K\u00f6rper, dem Wahrnehmen von Proportionen und dem Kontrast von Plastizit\u00e4t und Fl\u00e4chigkeit. Beispiele aus der Kunstgeschichte geben Hinweise auf Komposition und die Ausdruckskraft der Farben.<\/p>\n\n\n\n<p>Peinture \u00e0 l&#8217;huile et temp\u00e9ra<br>Pigments de couleurs, huiles et r\u00e9sines : cela sent bon l\u2019atelier de peinture ! Les ingr\u00e9dients en se m\u00e9langeant prennent une texture vivante, soit lumineuse et saillante, soit r\u00e9serv\u00e9e et profonde. Les couleurs pr\u00e9par\u00e9es sur place \u00e0 la main ont leur propre nature, d\u00e9veloppent leur propre caract\u00e8re. Le processus de fabrication est en soi d\u00e9j\u00e0 une belle exp\u00e9rience. Les couleurs serviront \u00e0 peindre le corps humain, \u00e0 comprendre ses proportions et le contraste entre forme plastique et surface plane. Nous nous r\u00e9f\u00e9rerons \u00e0 des exemples de l\u2019histoire de l\u2019art pour la composition et la puissance expressive des couleurs.<\/p>\n\n\n\n<p>KUNSTSCHULE Offenburg Weingartenstra\u00dfe 34b, 77654 Offenburg. <a rel=\"noreferrer noopener\" href=\"https:\/\/www.kunstschule-offenburg.de\" target=\"_blank\">www.kunstschule-offenburg.de<\/a><\/p>\n\n\n\n<p><\/p>","protected":false},"excerpt":{"rendered":"<p>26. Oktober 2024, 12:00\u201317:00 Uhr Bau-Kunst: Fachwerk, Freude und Fantasie Im Rahmen des Jahrmarkts von Kehl-Kork.Kleine und gro\u00dfe Kinder sind eingeladen, die Fachwerkh\u00e4user von Kork zu erkennen, zeichnen, malen, basteln\u2026 Vorlagen, Bilder, Farben, Kartons und alles, was man braucht, warten auf viele H\u00e4nde, Freude und Fantasie! Gebastelt wird am Zelt vor dem Museum und im [&hellip;]<\/p>","protected":false},"author":1,"featured_media":0,"parent":16,"menu_order":1,"comment_status":"closed","ping_status":"closed","template":"","meta":{"footnotes":""},"class_list":["post-88","page","type-page","status-publish","hentry"],"_links":{"self":[{"href":"https:\/\/tangorra.de\/en\/wp-json\/wp\/v2\/pages\/88","targetHints":{"allow":["GET"]}}],"collection":[{"href":"https:\/\/tangorra.de\/en\/wp-json\/wp\/v2\/pages"}],"about":[{"href":"https:\/\/tangorra.de\/en\/wp-json\/wp\/v2\/types\/page"}],"author":[{"embeddable":true,"href":"https:\/\/tangorra.de\/en\/wp-json\/wp\/v2\/users\/1"}],"replies":[{"embeddable":true,"href":"https:\/\/tangorra.de\/en\/wp-json\/wp\/v2\/comments?post=88"}],"version-history":[{"count":27,"href":"https:\/\/tangorra.de\/en\/wp-json\/wp\/v2\/pages\/88\/revisions"}],"predecessor-version":[{"id":764,"href":"https:\/\/tangorra.de\/en\/wp-json\/wp\/v2\/pages\/88\/revisions\/764"}],"up":[{"embeddable":true,"href":"https:\/\/tangorra.de\/en\/wp-json\/wp\/v2\/pages\/16"}],"wp:attachment":[{"href":"https:\/\/tangorra.de\/en\/wp-json\/wp\/v2\/media?parent=88"}],"curies":[{"name":"wp","href":"https:\/\/api.w.org\/{rel}","templated":true}]}}